{"id":550,"date":"2017-05-30T09:44:59","date_gmt":"2017-05-30T13:44:59","guid":{"rendered":"https:\/\/atelierortho.com\/?page_id=550\/"},"modified":"2017-06-08T19:45:43","modified_gmt":"2017-06-08T23:45:43","slug":"propel","status":"publish","type":"page","link":"https:\/\/atelierortho.com\/fr\/traitements\/propel\/","title":{"rendered":"L\u2019orthodontie acc\u00e9l\u00e9r\u00e9e"},"content":{"rendered":"<div class=\"wpb-content-wrapper\"><p>[vc_row css_animation=\u00a0\u00bb\u00a0\u00bb row_type=\u00a0\u00bbrow\u00a0\u00bb use_row_as_full_screen_section=\u00a0\u00bbno\u00a0\u00bb type=\u00a0\u00bbfull_width\u00a0\u00bb angled_section=\u00a0\u00bbno\u00a0\u00bb text_align=\u00a0\u00bbleft\u00a0\u00bb background_image_as_pattern=\u00a0\u00bbwithout_pattern\u00a0\u00bb css=\u00a0\u00bb.vc_custom_1494294245035{background-color: #ffffff !important;}\u00a0\u00bb][vc_column][vc_row_inner row_type=\u00a0\u00bbrow\u00a0\u00bb type=\u00a0\u00bbgrid\u00a0\u00bb text_align=\u00a0\u00bbleft\u00a0\u00bb css_animation=\u00a0\u00bb\u00a0\u00bb css=\u00a0\u00bb.vc_custom_1496965638551{padding-top: 80px !important;padding-bottom: 50px !important;}\u00a0\u00bb][vc_column_inner width=\u00a0\u00bb2\/3&Prime;][vc_column_text]Les \u00ab dents croches \u00bb ou la malocclusion, affecte 74% des adultes. Avec les dents tordues, il s\u2019av\u00e8re plus difficile d&rsquo;enlever la plaque et les d\u00e9bris entre vos dents.<\/p>\n<p>Sans traitement, il y a plus de risques de d\u00e9velopper des caries dentaires et des maladies parodontales. Avec les progr\u00e8s de la technologie orthodontique, nous avons maintenant la possibilit\u00e9 de redresser les dents en moins de temps.[\/vc_column_text][vc_empty_space height=\u00a0\u00bb30px\u00a0\u00bb][\/vc_column_inner][vc_column_inner width=\u00a0\u00bb1\/3&Prime; css=\u00a0\u00bb.vc_custom_1494307915295{padding-top: 12px !important;padding-right: 100px !important;padding-left: 100px !important;}\u00a0\u00bb][vc_single_image image=\u00a0\u00bb488&Prime; img_size=\u00a0\u00bbfull\u00a0\u00bb alignment=\u00a0\u00bbcenter\u00a0\u00bb qode_css_animation=\u00a0\u00bb\u00a0\u00bb el_class=\u00a0\u00bbtreatment_icon_inner\u00a0\u00bb][vc_empty_space height=\u00a0\u00bb30px\u00a0\u00bb][\/vc_column_inner][\/vc_row_inner][\/vc_column][\/vc_row][vc_row css_animation=\u00a0\u00bb\u00a0\u00bb row_type=\u00a0\u00bbrow\u00a0\u00bb use_row_as_full_screen_section=\u00a0\u00bbno\u00a0\u00bb type=\u00a0\u00bbfull_width\u00a0\u00bb angled_section=\u00a0\u00bbno\u00a0\u00bb text_align=\u00a0\u00bbleft\u00a0\u00bb background_image_as_pattern=\u00a0\u00bbwithout_pattern\u00a0\u00bb css=\u00a0\u00bb.vc_custom_1494294113014{background-color: #f6f6f6 !important;}\u00a0\u00bb][vc_column][vc_row_inner row_type=\u00a0\u00bbrow\u00a0\u00bb type=\u00a0\u00bbfull_width\u00a0\u00bb text_align=\u00a0\u00bbleft\u00a0\u00bb css_animation=\u00a0\u00bb\u00a0\u00bb][vc_column_inner][vc_column_text]<\/p>\n<table class=\"table_with_sidePic\">\n<tbody>\n<tr>\n<td class=\"sidePic\" style=\"width: 50%; background-image: url('https:\/\/atelierortho.com\/wp-content\/uploads\/2017\/06\/propel_2.jpg'); background-size: cover; background-position: center;\"><\/td>\n<td class=\"sideText\" style=\"width: 50%;\">\n<div class=\"sideText_inner\">\n<p><strong>La micro-ost\u00e9operforation avec Propel est:<\/strong><\/p>\n<ul>\n<li>Prouv\u00e9e cliniquement en tant que s\u00fbre et efficace<\/li>\n<li>Compl\u00e9t\u00e9e en seulement quelques minutes lors de votre rendez-vous r\u00e9gulier<\/li>\n<li>Peut \u00eatre utilis\u00e9 avec des broches ou des bandes claires<\/li>\n<\/ul>\n<p>Propel est un traitement micro-invasif qui utilise les micro-ost\u00e9operforations pour stimuler l&rsquo;os \u00e0 remodeler plus rapidement, tout en acc\u00e9l\u00e9rant votre mouvement dentaire.<\/p>\n<\/div>\n<\/td>\n<\/tr>\n<\/tbody>\n<\/table>\n<p>[\/vc_column_text][\/vc_column_inner][\/vc_row_inner][\/vc_column][\/vc_row][vc_row css_animation=\u00a0\u00bb\u00a0\u00bb row_type=\u00a0\u00bbrow\u00a0\u00bb use_row_as_full_screen_section=\u00a0\u00bbno\u00a0\u00bb type=\u00a0\u00bbfull_width\u00a0\u00bb angled_section=\u00a0\u00bbno\u00a0\u00bb text_align=\u00a0\u00bbleft\u00a0\u00bb background_image_as_pattern=\u00a0\u00bbwithout_pattern\u00a0\u00bb css=\u00a0\u00bb.vc_custom_1494306879479{padding-top: 80px !important;padding-bottom: 80px !important;background-color: #ffffff !important;}\u00a0\u00bb][vc_column][vc_row_inner row_type=\u00a0\u00bbrow\u00a0\u00bb type=\u00a0\u00bbgrid\u00a0\u00bb text_align=\u00a0\u00bbleft\u00a0\u00bb css_animation=\u00a0\u00bb\u00a0\u00bb][vc_column_inner width=\u00a0\u00bb1\/2&Prime;][vc_column_text]<\/p>\n<h3>Une meilleure voie \u00e0 suivre<\/h3>\n<p><strong>La micro-ost\u00e9operforation avec Propel offre une solution simple \u00e0 vos besoins en orthodontie en suivant seulement que quelques \u00e9tapes :<\/strong><\/p>\n<ol>\n<li>Votre m\u00e9decin \u00e9value vos besoins orthodontiques \u00e0 l&rsquo;aide de rayons X.<\/li>\n<li>Avant Propel, il suffit de rincer la bouche deux fois avec de la chlorhexidine, un d\u00e9sinfectant.<\/li>\n<li>Votre m\u00e9decin anesth\u00e9sie la r\u00e9gion et applique Propel dans les r\u00e9gions o\u00f9 il y a un besoin.<\/li>\n<li>Votre m\u00e9decin discute les options pour votre prochaine visite, et vous pouvez retourner \u00e0 votre horaire charg\u00e9!<\/li>\n<\/ol>\n<p>[\/vc_column_text][\/vc_column_inner][vc_column_inner width=\u00a0\u00bb1\/2&Prime; css=\u00a0\u00bb.vc_custom_1494307948832{padding-left: 80px !important;}\u00a0\u00bb][vc_column_text]<\/p>\n<h3>Avantages de la micro-ost\u00e9operforation avec Propel<\/h3>\n<ul>\n<li>Voir des r\u00e9sultats plus rapidement sans inconfort additionnel.<\/li>\n<li>Utiliser Propel avec n&rsquo;importe quel type d&rsquo;appareil orthodontique, que ce soit des broches ou des aligneurs.<\/li>\n<li>Recevoir un traitement Propel lors de votre visite r\u00e9guli\u00e8re \u00e0 la clinique.<\/li>\n<li>Gagner du temps avec moins de visites au bureau.<\/li>\n<li>Oublier la chirurgie ! La micro-ost\u00e9operforation ne n\u00e9cessite aucun temps de r\u00e9cup\u00e9ration.<\/li>\n<\/ul>\n<p>[\/vc_column_text][\/vc_column_inner][\/vc_row_inner][vc_row_inner row_type=\u00a0\u00bbrow\u00a0\u00bb type=\u00a0\u00bbgrid\u00a0\u00bb text_align=\u00a0\u00bbleft\u00a0\u00bb css_animation=\u00a0\u00bb\u00a0\u00bb css=\u00a0\u00bb.vc_custom_1494307087288{padding-top: 40px !important;}\u00a0\u00bb][vc_column_inner][vc_column_text]<em>Il est important d&rsquo;\u00e9viter les anti-inflammatoires non-st\u00e9ro\u00efdiens tels qu\u2019Advil ou Aleve pendant 4 semaines apr\u00e8s le traitement. Ces m\u00e9dicaments entravent les mouvements orthodontiques. Tylenol peut contr\u00f4ler tous les malaises mineurs.<\/em>[\/vc_column_text][\/vc_column_inner][\/vc_row_inner][\/vc_column][\/vc_row][vc_row css_animation=\u00a0\u00bb\u00a0\u00bb row_type=\u00a0\u00bbrow\u00a0\u00bb use_row_as_full_screen_section=\u00a0\u00bbno\u00a0\u00bb type=\u00a0\u00bbfull_width\u00a0\u00bb angled_section=\u00a0\u00bbno\u00a0\u00bb text_align=\u00a0\u00bbleft\u00a0\u00bb background_image_as_pattern=\u00a0\u00bbwithout_pattern\u00a0\u00bb css=\u00a0\u00bb.vc_custom_1493734435630{padding-top: 75px !important;padding-bottom: 75px !important;}\u00a0\u00bb el_class=\u00a0\u00bbgradient_bg\u00a0\u00bb][vc_column][vc_row_inner row_type=\u00a0\u00bbrow\u00a0\u00bb type=\u00a0\u00bbfull_width\u00a0\u00bb text_align=\u00a0\u00bbcenter\u00a0\u00bb css_animation=\u00a0\u00bb\u00a0\u00bb el_class=\u00a0\u00bbwhite_text\u00a0\u00bb][vc_column_inner width=\u00a0\u00bb1\/6&Prime;][\/vc_column_inner][vc_column_inner width=\u00a0\u00bb2\/3&Prime;][vc_column_text]<\/p>\n<h3 style=\"text-align: center;\"><strong>Contactez-nous d\u00e8s aujourd\u2019hui pour entamer votre nouveau sourire!<\/strong><\/h3>\n<p>[\/vc_column_text][vc_empty_space height=\u00a0\u00bb15px\u00a0\u00bb]<a  itemprop=\"url\" href=\"https:\/\/atelierortho.com\/fr\/traitements\/\" target=\"_self\" data-hover-background-color=\"#f6f6f6\" class=\"qbutton  white default\" style=\"margin: 15px 10px; background-color:#ffffff;\">Traitements disponibles<\/a><a id=\"consultation\" itemprop=\"url\" href=\"\" target=\"_self\" data-hover-background-color=\"#f6f6f6\" class=\"qbutton  white default\" style=\"margin: 15px 10px; background-color:#ffffff;\">Demande de consultation<\/a>[\/vc_column_inner][vc_column_inner width=\u00a0\u00bb1\/6&Prime;][\/vc_column_inner][\/vc_row_inner][\/vc_column][\/vc_row]<\/p>\n<\/div>","protected":false},"excerpt":{"rendered":"<p>[vc_row css_animation=\u00a0\u00bb\u00a0\u00bb row_type=\u00a0\u00bbrow\u00a0\u00bb use_row_as_full_screen_section=\u00a0\u00bbno\u00a0\u00bb type=\u00a0\u00bbfull_width\u00a0\u00bb angled_section=\u00a0\u00bbno\u00a0\u00bb text_align=\u00a0\u00bbleft\u00a0\u00bb background_image_as_pattern=\u00a0\u00bbwithout_pattern\u00a0\u00bb css=\u00a0\u00bb.vc_custom_1494294245035{background-color: #ffffff !important;}\u00a0\u00bb][vc_column][vc_row_inner row_type=\u00a0\u00bbrow\u00a0\u00bb type=\u00a0\u00bbgrid\u00a0\u00bb text_align=\u00a0\u00bbleft\u00a0\u00bb css_animation=\u00a0\u00bb\u00a0\u00bb css=\u00a0\u00bb.vc_custom_1496965638551{padding-top: 80px !important;padding-bottom: 50px !important;}\u00a0\u00bb][vc_column_inner width=\u00a0\u00bb2\/3&Prime;][vc_column_text]Les \u00ab dents croches \u00bb ou la malocclusion, affecte 74% des adultes. Avec les dents tordues, il s\u2019av\u00e8re plus difficile d&rsquo;enlever la plaque et les&#8230;<\/p>\n","protected":false},"author":1,"featured_media":0,"parent":536,"menu_order":0,"comment_status":"closed","ping_status":"closed","template":"full_width.php","meta":{"footnotes":""},"class_list":["post-550","page","type-page","status-publish","hentry"],"_links":{"self":[{"href":"https:\/\/atelierortho.com\/fr\/wp-json\/wp\/v2\/pages\/550","targetHints":{"allow":["GET"]}}],"collection":[{"href":"https:\/\/atelierortho.com\/fr\/wp-json\/wp\/v2\/pages"}],"about":[{"href":"https:\/\/atelierortho.com\/fr\/wp-json\/wp\/v2\/types\/page"}],"author":[{"embeddable":true,"href":"https:\/\/atelierortho.com\/fr\/wp-json\/wp\/v2\/users\/1"}],"replies":[{"embeddable":true,"href":"https:\/\/atelierortho.com\/fr\/wp-json\/wp\/v2\/comments?post=550"}],"version-history":[{"count":3,"href":"https:\/\/atelierortho.com\/fr\/wp-json\/wp\/v2\/pages\/550\/revisions"}],"predecessor-version":[{"id":694,"href":"https:\/\/atelierortho.com\/fr\/wp-json\/wp\/v2\/pages\/550\/revisions\/694"}],"up":[{"embeddable":true,"href":"https:\/\/atelierortho.com\/fr\/wp-json\/wp\/v2\/pages\/536"}],"wp:attachment":[{"href":"https:\/\/atelierortho.com\/fr\/wp-json\/wp\/v2\/media?parent=550"}],"curies":[{"name":"wp","href":"https:\/\/api.w.org\/{rel}","templated":true}]}}